{"id":3067,"date":"2021-10-13T06:29:48","date_gmt":"2021-10-13T06:29:48","guid":{"rendered":"https:\/\/www.homecarealgarve.com\/home-new\/"},"modified":"2026-03-10T12:11:06","modified_gmt":"2026-03-10T12:11:06","slug":"home","status":"publish","type":"page","link":"https:\/\/www.homecarealgarve.com\/pt-pt\/","title":{"rendered":"IN\u00cdCIO"},"content":{"rendered":"[vc_row acw=&#8221;0&#8243;][vc_column]<div class=\"slider-wrap  srcare_custom kc_658374158\"  data-custom_style=\"div.kc_658374158 .srcare_slider .owl-nav div[class*='owl-']{background: #FFFFFF !important; color: #000000 !important;}\">\r\n                                        <div class=\"srcare_slider slider_1 owl-carousel owl-theme\" data-nav=\"true\" data-nav_icon_left=\"fa-angle-left\" data-nav_icon_right=\"fa-angle-right\" data-autoplay=\"true\" data-autoplaytimeout=\"10000\"><div class=\"slider_item_container\" data-bg_type=\"image\" data-bg_img=\"https:\/\/www.homecarealgarve.com\/wp-content\/uploads\/2018\/01\/home_1_slider_3.jpg\" data-bg_color=\"#555555\" data-bg_opacity=\"0.3\" data-solid_bg=\"#000000\">\r\n                    <div class=\"item\">\r\n                        <div class=\"slider-content\">\r\n                            <div class=\"container text-left\">\r\n                                <div class=\"row\">\r\n                                    <div class=\"col-sm-12\" data-animation-in=\"bounceIn\" data-animation-out=\"animate-out fadeOutDown\">\r\n                                        \r\n                                        <div class=\"slider_title_content\" style=\"color:#ffffff !important;\">\n<h2 class=\"jumbo-heading\">Home Care Algarve<\/h2>\n<\/div>\r\n                                        <h3 style=\"color:#ffffff !important;\">Pacotes de cuidados sociais e de enfermagem para o seu or\u00e7amento<\/h3>\r\n                                        <div class=\"slider-button\"><a href=\"#services\" class=\"btn btn-theme margin-top-24\">NOSSOS SERVI\u00c7OS<\/a><\/div>\r\n                                        \r\n                                    <\/div> <!-- end .col-sm-12  -->\r\n                                <\/div> <!-- end .row  -->\r\n                            <\/div><!-- end .container -->\r\n                        <\/div> <!--  end .slider-content -->\r\n                    <\/div> <!-- end .item  -->\r\n                <\/div> <!-- end .slider_item_container  --><div class=\"slider_item_container\" data-bg_type=\"image\" data-bg_img=\"https:\/\/www.homecarealgarve.com\/wp-content\/uploads\/2018\/01\/home_1_slider_4.jpg\" data-bg_color=\"#555555\" data-bg_opacity=\"0.3\" data-solid_bg=\"#000000\">\r\n                    <div class=\"item\">\r\n                        <div class=\"slider-content\">\r\n                            <div class=\"container text-right\">\r\n                                <div class=\"row\">\r\n                                    <div class=\"col-sm-12\" data-animation-in=\"slideInDown\" data-animation-out=\"animate-out zoomOut\">\r\n                                        \r\n                                        <div class=\"slider_title_content\" style=\"color:#ffffff !important;\">\n<h2 class=\"jumbo-heading\">Home Care Algarve<\/h2>\n<\/div>\r\n                                        <h3 style=\"color:#ffffff !important;\">Lideres em cuidados ao domic\u00edlio, dem\u00eancia e Alzheimer's no Algarve<\/h3>\r\n                                        <div class=\"slider-button\"><a href=\"\/pt-pt\/cuidados-de-demencia-e-alzheimer\/\" class=\"btn btn-theme margin-top-24\">SAIBA MAIS<\/a><\/div>\r\n                                        \r\n                                    <\/div> <!-- end .col-sm-12  -->\r\n                                <\/div> <!-- end .row  -->\r\n                            <\/div><!-- end .container -->\r\n                        <\/div> <!--  end .slider-content -->\r\n                    <\/div> <!-- end .item  -->\r\n                <\/div> <!-- end .slider_item_container  --><\/div><\/div>[\/vc_column][\/vc_row][vc_row acw=&#8221;0&#8243; el_class=&#8221;section-feat-about-us bottom-shadow about-us-top-padding&#8221; css=&#8221;.vc_custom_1633716473263{background-color: #f9fafb !important;}&#8221; el_id=&#8221;about_us&#8221;][vc_column el_class=&#8221;margin-top-0&#8243;][vc_row_inner el_class=&#8221;side-background shadow-sm&#8221;][vc_column_inner el_class=&#8221;feat-img-side-bg visible-lg&#8221; width=&#8221;1\/2&#8243;][vc_single_image image=&#8221;2148&#8243; img_size=&#8221;full&#8221;][\/vc_column_inner][\/vc_row_inner][vc_row_inner][vc_column_inner offset=&#8221;vc_col-lg-offset-6 vc_col-lg-6&#8243;][vc_column_text css_animation=&#8221;left-to-right&#8221; el_class=&#8221;about-us-info-block&#8221;]\n<div class=\"about-us-info about-right-top\">\n<h3 class=\"about-us-slogan about-us-slogan-bold\">SINTA-SE <i class=\" text-highlighter-primary\">FELIZ<\/i><br \/>\nE CUIDADO!<\/h3>\n<div class=\"margin-top-32 margin-bottom-32\">\n<p>Criar fortes conex\u00f5es com os nossos clientes e as suas fam\u00edlias est\u00e1 no centro de tudo o que fazemos. A nossa equipa de coordenadores de atendimento esfor\u00e7a-se para garantir um servi\u00e7o pessoal e profissional para que todos os nossos clientes se sintam felizes e cuidados.<\/p>\n<p>Se partilha a nossa paix\u00e3o por prestar cuidados compassivos e centrados na pessoa e gostaria de fazer parte da nossa equipa de apoio, teremos muito gosto em ouvir de si. Clique no bot\u00e3o \u201cCarreiras\u201d abaixo para descobrir como pode construir uma carreira gratificante em cuidados, com a Home Care Algarve.<\/p>\n<\/div>\n<p><a class=\"btn btn-theme margin-bottom-32\" href=\"\/pt-pt\/carreiras-em-apoio-domiciliario-no-Algarve\/\">CARREIRAS<\/a><\/p>\n<\/div>\n[\/vc_column_text][\/vc_column_inner][\/vc_row_inner][\/vc_column][\/vc_row][vc_row srcare_custom_class=&#8221;section-content-block&#8221; css=&#8221;.vc_custom_1633716936954{background-image: url(https:\/\/wp.bwlthemes.com\/wp_srcare\/wp-content\/uploads\/2018\/01\/service_bg_2.jpg?id=2144) !important;background-position: center !important;background-repeat: no-repeat !important;background-size: cover !important;}&#8221; el_id=&#8221;services&#8221;][vc_column css_animation=&#8221;bottom-to-top&#8221;]<div class=\"row section-heading-wrapper\">\r\n                            <div class=\"col-md-12 col-sm-12 text-left\">\r\n                                <h2 class=\"section-heading\" >OS NOSSOS SERVI\u00c7OS<\/h2>\r\n                                <h4 class=\"section-subheading\">Onde quer que viva no Algarve, estamos c\u00e1 para ajudar nas suas necessidades de sa\u00fade e de assist\u00eancia social.<\/h4>\r\n                            <\/div>\r\n                        <\/div><div class=\"row\" ><div class=\"service-container owl-carousel\"  data-carousel=\"1\" data-items=\"3\" data-nav=\"true\" data-dots=\"false\" data-autoplay=\"true\" data-autoplaytimeout=\"30000\"><div class=\"col-md-4 col-sm-6 col-xs-12\">\r\n                                  <div class=\"service-layout-1 \" >\r\n                                     <a href=\"https:\/\/www.homecarealgarve.com\/pt-pt\/cuidados-de-demencia-e-alzheimer\/\" class=\"service-img-box\">\r\n                                        <figure class=\"service-img\">\r\n                                            <img loading=\"lazy\" decoding=\"async\" width=\"2560\" height=\"1707\" src=\"https:\/\/www.homecarealgarve.com\/wp-content\/uploads\/2026\/03\/dementia-alzheimers-care-algarve-portugal-2.jpg\" class=\"attachment-full size-full\" alt=\"\" srcset=\"https:\/\/www.homecarealgarve.com\/wp-content\/uploads\/2026\/03\/dementia-alzheimers-care-algarve-portugal-2.jpg 2560w, https:\/\/www.homecarealgarve.com\/wp-content\/uploads\/2026\/03\/dementia-alzheimers-care-algarve-portugal-2-300x200.jpg 300w, https:\/\/www.homecarealgarve.com\/wp-content\/uploads\/2026\/03\/dementia-alzheimers-care-algarve-portugal-2-1024x683.jpg 1024w, https:\/\/www.homecarealgarve.com\/wp-content\/uploads\/2026\/03\/dementia-alzheimers-care-algarve-portugal-2-768x512.jpg 768w, https:\/\/www.homecarealgarve.com\/wp-content\/uploads\/2026\/03\/dementia-alzheimers-care-algarve-portugal-2-1536x1024.jpg 1536w, https:\/\/www.homecarealgarve.com\/wp-content\/uploads\/2026\/03\/dementia-alzheimers-care-algarve-portugal-2-2048x1366.jpg 2048w, https:\/\/www.homecarealgarve.com\/wp-content\/uploads\/2026\/03\/dementia-alzheimers-care-algarve-portugal-2-645x430.jpg 645w, https:\/\/www.homecarealgarve.com\/wp-content\/uploads\/2026\/03\/dementia-alzheimers-care-algarve-portugal-2-1320x880.jpg 1320w, https:\/\/www.homecarealgarve.com\/wp-content\/uploads\/2026\/03\/dementia-alzheimers-care-algarve-portugal-2-600x400.jpg 600w\" sizes=\"auto, (max-width: 2560px) 100vw, 2560px\" \/>\r\n                                        <\/figure> <!-- end .cause-img  -->\r\n                                      <\/a>\r\n\r\n                                        <article class=\"service-info\">\r\n\r\n                                            <h2> <a href=\"https:\/\/www.homecarealgarve.com\/pt-pt\/cuidados-de-demencia-e-alzheimer\/\" >Cuidados de Dem\u00eancia e Alzheimer<\/a><\/h2>\r\n                                            <p>Planos de cuidados flex\u00edveis que evoluem ao longo do tempo<\/p>\r\n\r\n                                        <\/article>\r\n\r\n                                <\/div>\r\n                              <\/div><div class=\"col-md-4 col-sm-6 col-xs-12\">\r\n                                  <div class=\"service-layout-1 \" >\r\n                                     <a href=\"https:\/\/www.homecarealgarve.com\/pt-pt\/companion-care-plan\/\" class=\"service-img-box\">\r\n                                        <figure class=\"service-img\">\r\n                                            <img loading=\"lazy\" decoding=\"async\" width=\"2560\" height=\"1707\" src=\"https:\/\/www.homecarealgarve.com\/wp-content\/uploads\/2021\/10\/4-scaled.jpg\" class=\"attachment-full size-full\" alt=\"\" srcset=\"https:\/\/www.homecarealgarve.com\/wp-content\/uploads\/2021\/10\/4-scaled.jpg 2560w, https:\/\/www.homecarealgarve.com\/wp-content\/uploads\/2021\/10\/4-300x200.jpg 300w, https:\/\/www.homecarealgarve.com\/wp-content\/uploads\/2021\/10\/4-1024x683.jpg 1024w, https:\/\/www.homecarealgarve.com\/wp-content\/uploads\/2021\/10\/4-768x512.jpg 768w, https:\/\/www.homecarealgarve.com\/wp-content\/uploads\/2021\/10\/4-1536x1024.jpg 1536w, https:\/\/www.homecarealgarve.com\/wp-content\/uploads\/2021\/10\/4-2048x1365.jpg 2048w, https:\/\/www.homecarealgarve.com\/wp-content\/uploads\/2021\/10\/4-645x430.jpg 645w, https:\/\/www.homecarealgarve.com\/wp-content\/uploads\/2021\/10\/4-1320x880.jpg 1320w, https:\/\/www.homecarealgarve.com\/wp-content\/uploads\/2021\/10\/4-600x400.jpg 600w\" sizes=\"auto, (max-width: 2560px) 100vw, 2560px\" \/>\r\n                                        <\/figure> <!-- end .cause-img  -->\r\n                                      <\/a>\r\n\r\n                                        <article class=\"service-info\">\r\n\r\n                                            <h2> <a href=\"https:\/\/www.homecarealgarve.com\/pt-pt\/companion-care-plan\/\" >Plano de Companhia<\/a><\/h2>\r\n                                            <p>A escolha perfeita para quem precisa de ajuda em casa<\/p>\r\n\r\n                                        <\/article>\r\n\r\n                                <\/div>\r\n                              <\/div><div class=\"col-md-4 col-sm-6 col-xs-12\">\r\n                                  <div class=\"service-layout-1 \" >\r\n                                     <a href=\"https:\/\/www.homecarealgarve.com\/pt-pt\/personal%20Care%20Plan\/\" class=\"service-img-box\">\r\n                                        <figure class=\"service-img\">\r\n                                            <img loading=\"lazy\" decoding=\"async\" width=\"1500\" height=\"1000\" src=\"https:\/\/www.homecarealgarve.com\/wp-content\/uploads\/2021\/10\/6-1.jpg\" class=\"attachment-full size-full\" alt=\"\" srcset=\"https:\/\/www.homecarealgarve.com\/wp-content\/uploads\/2021\/10\/6-1.jpg 1500w, https:\/\/www.homecarealgarve.com\/wp-content\/uploads\/2021\/10\/6-1-300x200.jpg 300w, https:\/\/www.homecarealgarve.com\/wp-content\/uploads\/2021\/10\/6-1-1024x683.jpg 1024w, https:\/\/www.homecarealgarve.com\/wp-content\/uploads\/2021\/10\/6-1-768x512.jpg 768w, https:\/\/www.homecarealgarve.com\/wp-content\/uploads\/2021\/10\/6-1-645x430.jpg 645w, https:\/\/www.homecarealgarve.com\/wp-content\/uploads\/2021\/10\/6-1-1320x880.jpg 1320w, https:\/\/www.homecarealgarve.com\/wp-content\/uploads\/2021\/10\/6-1-600x400.jpg 600w\" sizes=\"auto, (max-width: 1500px) 100vw, 1500px\" \/>\r\n                                        <\/figure> <!-- end .cause-img  -->\r\n                                      <\/a>\r\n\r\n                                        <article class=\"service-info\">\r\n\r\n                                            <h2> <a href=\"https:\/\/www.homecarealgarve.com\/pt-pt\/personal%20Care%20Plan\/\" >Plano de Cuidados Pessoais<\/a><\/h2>\r\n                                            <p>Companhia mais aux\u00edlio no banho, a aranjar-se e na mobilidade<\/p>\r\n\r\n                                        <\/article>\r\n\r\n                                <\/div>\r\n                              <\/div><div class=\"col-md-4 col-sm-6 col-xs-12\">\r\n                                  <div class=\"service-layout-1 \" >\r\n                                     <a href=\"https:\/\/www.homecarealgarve.com\/pt-pt\/live-in-care-plan\/\" class=\"service-img-box\">\r\n                                        <figure class=\"service-img\">\r\n                                            <img loading=\"lazy\" decoding=\"async\" width=\"1061\" height=\"707\" src=\"https:\/\/www.homecarealgarve.com\/wp-content\/uploads\/2021\/10\/11-scaled-1.png\" class=\"attachment-full size-full\" alt=\"\" srcset=\"https:\/\/www.homecarealgarve.com\/wp-content\/uploads\/2021\/10\/11-scaled-1.png 1061w, https:\/\/www.homecarealgarve.com\/wp-content\/uploads\/2021\/10\/11-scaled-1-300x200.png 300w, https:\/\/www.homecarealgarve.com\/wp-content\/uploads\/2021\/10\/11-scaled-1-1024x682.png 1024w, https:\/\/www.homecarealgarve.com\/wp-content\/uploads\/2021\/10\/11-scaled-1-768x512.png 768w, https:\/\/www.homecarealgarve.com\/wp-content\/uploads\/2021\/10\/11-scaled-1-645x430.png 645w, https:\/\/www.homecarealgarve.com\/wp-content\/uploads\/2021\/10\/11-scaled-1-600x400.png 600w\" sizes=\"auto, (max-width: 1061px) 100vw, 1061px\" \/>\r\n                                        <\/figure> <!-- end .cause-img  -->\r\n                                      <\/a>\r\n\r\n                                        <article class=\"service-info\">\r\n\r\n                                            <h2> <a href=\"https:\/\/www.homecarealgarve.com\/pt-pt\/live-in-care-plan\/\" >Apoio Domicili\u00e1rio a Tempo Inteiro<\/a><\/h2>\r\n                                            <p>Uma solu\u00e7\u00e3o organizada em torno da pessoa e a fam\u00edlia<\/p>\r\n\r\n                                        <\/article>\r\n\r\n                                <\/div>\r\n                              <\/div><div class=\"col-md-4 col-sm-6 col-xs-12\">\r\n                                  <div class=\"service-layout-1 \" >\r\n                                     <a href=\"https:\/\/www.homecarealgarve.com\/pt-pt\/respite-care-plan\/\" class=\"service-img-box\">\r\n                                        <figure class=\"service-img\">\r\n                                            <img loading=\"lazy\" decoding=\"async\" width=\"2121\" height=\"1414\" src=\"https:\/\/www.homecarealgarve.com\/wp-content\/uploads\/2021\/10\/16-1.jpg\" class=\"attachment-full size-full\" alt=\"\" srcset=\"https:\/\/www.homecarealgarve.com\/wp-content\/uploads\/2021\/10\/16-1.jpg 2121w, https:\/\/www.homecarealgarve.com\/wp-content\/uploads\/2021\/10\/16-1-300x200.jpg 300w, https:\/\/www.homecarealgarve.com\/wp-content\/uploads\/2021\/10\/16-1-1024x683.jpg 1024w, https:\/\/www.homecarealgarve.com\/wp-content\/uploads\/2021\/10\/16-1-768x512.jpg 768w, https:\/\/www.homecarealgarve.com\/wp-content\/uploads\/2021\/10\/16-1-1536x1024.jpg 1536w, https:\/\/www.homecarealgarve.com\/wp-content\/uploads\/2021\/10\/16-1-2048x1365.jpg 2048w, https:\/\/www.homecarealgarve.com\/wp-content\/uploads\/2021\/10\/16-1-645x430.jpg 645w, https:\/\/www.homecarealgarve.com\/wp-content\/uploads\/2021\/10\/16-1-1320x880.jpg 1320w, https:\/\/www.homecarealgarve.com\/wp-content\/uploads\/2021\/10\/16-1-600x400.jpg 600w\" sizes=\"auto, (max-width: 2121px) 100vw, 2121px\" \/>\r\n                                        <\/figure> <!-- end .cause-img  -->\r\n                                      <\/a>\r\n\r\n                                        <article class=\"service-info\">\r\n\r\n                                            <h2> <a href=\"https:\/\/www.homecarealgarve.com\/pt-pt\/respite-care-plan\/\" >Cuidadores de Substitui\u00e7\u00e3o<\/a><\/h2>\r\n                                            <p>Um plano que d\u00e1 aos cuidadores uma pausa<\/p>\r\n\r\n                                        <\/article>\r\n\r\n                                <\/div>\r\n                              <\/div><div class=\"col-md-4 col-sm-6 col-xs-12\">\r\n                                  <div class=\"service-layout-1 \" >\r\n                                     <a href=\"https:\/\/www.homecarealgarve.com\/pt-pt\/special-needs-care-plan\/\" class=\"service-img-box\">\r\n                                        <figure class=\"service-img\">\r\n                                            <img loading=\"lazy\" decoding=\"async\" width=\"1061\" height=\"707\" src=\"https:\/\/www.homecarealgarve.com\/wp-content\/uploads\/2021\/10\/8-1.png\" class=\"attachment-full size-full\" alt=\"\" srcset=\"https:\/\/www.homecarealgarve.com\/wp-content\/uploads\/2021\/10\/8-1.png 1061w, https:\/\/www.homecarealgarve.com\/wp-content\/uploads\/2021\/10\/8-1-300x200.png 300w, https:\/\/www.homecarealgarve.com\/wp-content\/uploads\/2021\/10\/8-1-1024x682.png 1024w, https:\/\/www.homecarealgarve.com\/wp-content\/uploads\/2021\/10\/8-1-768x512.png 768w, https:\/\/www.homecarealgarve.com\/wp-content\/uploads\/2021\/10\/8-1-645x430.png 645w, https:\/\/www.homecarealgarve.com\/wp-content\/uploads\/2021\/10\/8-1-600x400.png 600w\" sizes=\"auto, (max-width: 1061px) 100vw, 1061px\" \/>\r\n                                        <\/figure> <!-- end .cause-img  -->\r\n                                      <\/a>\r\n\r\n                                        <article class=\"service-info\">\r\n\r\n                                            <h2> <a href=\"https:\/\/www.homecarealgarve.com\/pt-pt\/special-needs-care-plan\/\" >Cuidados para Necessidades Especiais<\/a><\/h2>\r\n                                            <p>Um plano personalizado para necessidades especiais<\/p>\r\n\r\n                                        <\/article>\r\n\r\n                                <\/div>\r\n                              <\/div><div class=\"col-md-4 col-sm-6 col-xs-12\">\r\n                                  <div class=\"service-layout-1 \" >\r\n                                     <a href=\"https:\/\/www.homecarealgarve.com\/pt-pt\/holiday-care-plan\/\" class=\"service-img-box\">\r\n                                        <figure class=\"service-img\">\r\n                                            <img loading=\"lazy\" decoding=\"async\" width=\"1061\" height=\"707\" src=\"https:\/\/www.homecarealgarve.com\/wp-content\/uploads\/2021\/10\/18.png\" class=\"attachment-full size-full\" alt=\"\" srcset=\"https:\/\/www.homecarealgarve.com\/wp-content\/uploads\/2021\/10\/18.png 1061w, https:\/\/www.homecarealgarve.com\/wp-content\/uploads\/2021\/10\/18-300x200.png 300w, https:\/\/www.homecarealgarve.com\/wp-content\/uploads\/2021\/10\/18-1024x682.png 1024w, https:\/\/www.homecarealgarve.com\/wp-content\/uploads\/2021\/10\/18-768x512.png 768w, https:\/\/www.homecarealgarve.com\/wp-content\/uploads\/2021\/10\/18-645x430.png 645w, https:\/\/www.homecarealgarve.com\/wp-content\/uploads\/2021\/10\/18-600x400.png 600w\" sizes=\"auto, (max-width: 1061px) 100vw, 1061px\" \/>\r\n                                        <\/figure> <!-- end .cause-img  -->\r\n                                      <\/a>\r\n\r\n                                        <article class=\"service-info\">\r\n\r\n                                            <h2> <a href=\"https:\/\/www.homecarealgarve.com\/pt-pt\/holiday-care-plan\/\" >Apoio em Tempo de F\u00e9rias<\/a><\/h2>\r\n                                            <p>Um cuidador pessoal para f\u00e9rias e viagens<\/p>\r\n\r\n                                        <\/article>\r\n\r\n                                <\/div>\r\n                              <\/div><\/div><\/div>[vc_row_inner el_class=&#8221;text-center&#8221;][vc_column_inner]<a href=\"https:\/\/www.homecarealgarve.com\/pt-pt\/services\/\" title=\"PE\u00c7A MAIS SERVI\u00c7OS\"   class=\"btn  srcare_custom kc_992842715 btn-theme margin-top-24 \"  data-custom_style=\"a.kc_992842715 {background: !important; color: !important; border:0px solid  !important; border-radius:36px !important;}a.kc_992842715:hover {background:  !important; color:  !important; border:0px solid  !important; border-radius: 36px !important;}\">PE\u00c7A MAIS SERVI\u00c7OS<\/a>[\/vc_column_inner][\/vc_row_inner][\/vc_column][\/vc_row][vc_row srcare_custom_class=&#8221;section-content-block&#8221; wiz_custom_class=&#8221;section-content-block section-cta&#8221; el_class=&#8221;no-bottom-padding&#8221; css=&#8221;.vc_custom_1633716555670{background-color: #edf0f2 !important;}&#8221; el_id=&#8221;twenty_four_into_seven&#8221;][vc_column css_animation=&#8221;appear&#8221;][vc_row_inner][vc_column_inner]<div class=\"col-lg-7 col-md-7 col-sm-12 text-left  cta-layout-4\">\r\n                            <h2>Sabia?<br \/>\nNOSSOS\/AS CUIDADORES EST\u00c3O C\u00c1 PARA AJUDAR 7 DIAS POR SEMANA!<\/h2>\r\n                            <p>Sabemos que cuidar \u00e9 um compromisso, por isso estamos sempre c\u00e1 para o ajudar.<\/p>\r\n                            <a href=\"https:\/\/www.homecarealgarve.com\/pt-pt\/#home_contact\" class=\"btn btn-theme\">CONTACTE-NOS<\/a>\r\n                        <\/div>\r\n                        \r\n                        <div class=\"col-lg-5 col-md-5 hidden-sm hidden-xs\">\r\n                            <figure class=\"cta-img\">\r\n                                <img decoding=\"async\" src=\"https:\/\/www.homecarealgarve.com\/wp-content\/uploads\/2018\/01\/cta_img_1.png\" alt=\"image\" \/>\r\n                            <\/figure> <!-- end .cause-img  -->\r\n                        <\/div>[\/vc_column_inner][\/vc_row_inner][\/vc_column][\/vc_row][vc_row srcare_custom_class=&#8221;section-content-block&#8221; css=&#8221;.vc_custom_1633947225423{padding-bottom: 0px !important;background-image: url(https:\/\/wp.bwlthemes.com\/wp_srcare\/wp-content\/uploads\/2018\/01\/appointment_bg.jpg?id=2273) !important;background-position: center !important;background-repeat: no-repeat !important;background-size: cover !important;}&#8221; el_class=&#8221;appointment-form-row contact-form-dv&#8221; el_id=&#8221;home_contact&#8221;][vc_column width=&#8221;1\/2&#8243; css=&#8221;.vc_custom_1633702247483{margin-top: 0px !important;margin-right: 0px !important;margin-bottom: 0px !important;margin-left: 0px !important;border-top-width: 0px !important;border-right-width: 0px !important;border-bottom-width: 0px !important;border-left-width: 0px !important;padding-top: 0px !important;padding-right: 0px !important;padding-bottom: 0px !important;padding-left: 0px !important;background-position: 0 0 !important;background-repeat: no-repeat !important;}&#8221; el_class=&#8221;section-heading-wrapper section-heading-wrapper-alt inline-heading-style&#8221; offset=&#8221;vc_col-lg-offset-0 vc_col-lg-6 vc_col-md-offset-0 vc_col-md-12 vc_col-sm-offset-0 vc_col-xs-12&#8243;][vc_row_inner el_class=&#8221;contact-details&#8221;][vc_column_inner offset=&#8221;vc_col-xs-12&#8243;][vc_column_text][\/vc_column_text][vc_column_text]\n<h2 class=\"margin-top-70\"><strong class=\"text-curly text-curly-no-italic text-primary-color\">Quer saber mais?<\/strong><br \/>\nEnvie-nos uma mensagem AGORA usando nosso formul\u00e1rio de contacto r\u00e1pido!<\/h2>\n<p>Como alternativa, ligue-nos AGORA para o +351 966 091 967[\/vc_column_text][vc_single_image image=&#8221;3086&#8243; img_size=&#8221;full&#8221; css_animation=&#8221;slideInLeft&#8221; el_class=&#8221;pull-right contact-icon-animated&#8221;][\/vc_column_inner][\/vc_row_inner][vc_row_inner disable_element=&#8221;yes&#8221; el_class=&#8221;checkout-details&#8221;][vc_column_inner][vc_column_text el_class=&#8221;checkout-details&#8221;]Concordo que a Home Care Algarve possa reter e processar a minha informa\u00e7\u00e3o de acordo com a Pol\u00edtica de Privacidade <u>Privacy Policy<\/u>\u00a0 <input id=\"rememberme\" class=\"woocommerce-form__input woocommerce-form__input-checkbox\" name=\"rememberme\" type=\"checkbox\" value=\"forever\" \/>[\/vc_column_text][\/vc_column_inner][\/vc_row_inner][\/vc_column][vc_column css_animation=&#8221;appear&#8221; width=&#8221;1\/2&#8243; offset=&#8221;vc_col-lg-offset-0 vc_col-lg-6 vc_col-md-offset-0 vc_col-md-12 vc_col-sm-offset-3 vc_col-xs-12&#8243;][vc_column_text]\n<div class=\"wpcf7 no-js\" id=\"wpcf7-f3217-o1\" lang=\"en-US\" dir=\"ltr\" data-wpcf7-id=\"3217\">\n<div class=\"screen-reader-response\"><p role=\"status\" aria-live=\"polite\" aria-atomic=\"true\"><\/p> <ul><\/ul><\/div>\n<form action=\"\/pt-pt\/wp-json\/wp\/v2\/pages\/3067#wpcf7-f3217-o1\" method=\"post\" class=\"wpcf7-form init srcare-appointment-form\" aria-label=\"Contact form\" novalidate=\"novalidate\" data-status=\"init\">\n<fieldset class=\"hidden-fields-container\"><input type=\"hidden\" name=\"_wpcf7\" value=\"3217\" \/><input type=\"hidden\" name=\"_wpcf7_version\" value=\"6.1.5\" \/><input type=\"hidden\" name=\"_wpcf7_locale\" value=\"en_US\" \/><input type=\"hidden\" name=\"_wpcf7_unit_tag\" value=\"wpcf7-f3217-o1\" \/><input type=\"hidden\" name=\"_wpcf7_container_post\" value=\"0\" \/><input type=\"hidden\" name=\"_wpcf7_posted_data_hash\" value=\"\" \/><input type=\"hidden\" name=\"_wpcf7_recaptcha_response\" value=\"\" \/>\n<\/fieldset>\n<div class=\"appointment-form-wrapper text-center clearfix\">\n\t<div class=\"row\">\n\t\t<div class=\"col-md-12\">\n\t\t\t<p><span class=\"wpcf7-form-control-wrap\" data-name=\"customer-name\"><input size=\"40\" maxlength=\"400\" class=\"wpcf7-form-control wpcf7-text wpcf7-validates-as-required\" aria-required=\"true\" aria-invalid=\"false\" placeholder=\"NOME\" value=\"\" type=\"text\" name=\"customer-name\" \/><\/span><span class=\"fa fa-user-o\"><\/span>\n\t\t\t<\/p>\n\t\t<\/div>\n\t\t<div class=\"col-md-12\">\n\t\t\t<p><span class=\"wpcf7-form-control-wrap\" data-name=\"customer-email\"><input size=\"40\" maxlength=\"400\" class=\"wpcf7-form-control wpcf7-email wpcf7-validates-as-required wpcf7-text wpcf7-validates-as-email\" aria-required=\"true\" aria-invalid=\"false\" placeholder=\"EMAIL\" value=\"\" type=\"email\" name=\"customer-email\" \/><\/span><i class=\"fa fa-envelope-o\"><\/i>\n\t\t\t<\/p>\n\t\t<\/div>\n\t<\/div>\n\t<div class=\"row\">\n\t\t<div class=\"col-md-12\">\n\t\t\t<p><span class=\"wpcf7-form-control-wrap\" data-name=\"customer-phone\"><input size=\"40\" maxlength=\"400\" class=\"wpcf7-form-control wpcf7-text wpcf7-validates-as-required\" aria-required=\"true\" aria-invalid=\"false\" placeholder=\"TELEFONE\" value=\"\" type=\"text\" name=\"customer-phone\" \/><\/span><i class=\"fa fa-phone\"><\/i>\n\t\t\t<\/p>\n\t\t<\/div>\n\t<\/div>\n\t<div class=\"row\">\n\t\t<div class=\"col-md-12\">\n\t\t\t<p><span class=\"wpcf7-form-control-wrap\" data-name=\"customer-message\"><textarea cols=\"40\" rows=\"4\" maxlength=\"2000\" class=\"wpcf7-form-control wpcf7-textarea wpcf7-validates-as-required\" aria-required=\"true\" aria-invalid=\"false\" placeholder=\"SUA MENSAGEM\" name=\"customer-message\"><\/textarea><\/span>\n\t\t\t<\/p>\n\t\t<\/div>\n\t\t<div class=\"col-md-12\">\n\t\t\t<p><span class=\"wpcf7-form-control-wrap\" data-name=\"checkbox-101\"><span class=\"wpcf7-form-control wpcf7-checkbox wpcf7-validates-as-required form-checkbox-cus\"><span class=\"wpcf7-list-item first last\"><label><input type=\"checkbox\" name=\"checkbox-101[]\" value=\"Concordo que a Home Care Algarve possa reter e processar a minha informa\u00e7\u00e3o de acordo com a Pol\u00edtica de Privacidade Privacy Policy\" \/><span class=\"wpcf7-list-item-label\">Concordo que a Home Care Algarve possa reter e processar a minha informa\u00e7\u00e3o de acordo com a Pol\u00edtica de Privacidade Privacy Policy<\/span><\/label><\/span><\/span><\/span>\n\t\t\t<\/p>\n\t\t<\/div>\n\t\t<div class=\"col-md-12\">\n\t\t<span class=\"wpcf7-form-control-wrap recaptcha\" data-name=\"recaptcha\"><span data-sitekey=\"6Ldk_oUpAAAAAHb-osH1wg8v7y385cVB0_q8sIG7\" class=\"wpcf7-form-control wpcf7-recaptcha g-recaptcha\"><\/span>\r\n<noscript>\r\n\t<div class=\"grecaptcha-noscript\">\r\n\t\t<iframe loading=\"lazy\" src=\"https:\/\/www.google.com\/recaptcha\/api\/fallback?k=6Ldk_oUpAAAAAHb-osH1wg8v7y385cVB0_q8sIG7\" frameborder=\"0\" scrolling=\"no\" width=\"310\" height=\"430\">\r\n\t\t<\/iframe>\r\n\t\t<textarea name=\"g-recaptcha-response\" rows=\"3\" cols=\"40\" placeholder=\"reCaptcha Response Here\">\r\n\t\t<\/textarea>\r\n\t<\/div>\r\n<\/noscript>\r\n<\/span>\n\t\t<\/div>\n\t\t<div class=\"col-md-12\">\n\t\t\t<p><input class=\"wpcf7-form-control wpcf7-submit has-spinner btn-theme\" type=\"submit\" value=\"ENVIAR MENSAGEM\" \/>\n\t\t\t<\/p>\n\t\t<\/div>\n\t<\/div>\n<\/div><div class=\"wpcf7-response-output\" aria-hidden=\"true\"><\/div>\n<\/form>\n<\/div>\n[\/vc_column_text][\/vc_column][\/vc_row][vc_row srcare_custom_class=&#8221;section-content-block&#8221; css=&#8221;.vc_custom_1633716589549{background-image: url(https:\/\/wp.bwlthemes.com\/wp_srcare\/wp-content\/uploads\/2018\/01\/testimonial_bg_2-1.jpg?id=2212) !important;background-position: center !important;background-repeat: no-repeat !important;background-size: cover !important;}&#8221; el_id=&#8221;testimonials&#8221;][vc_column css_animation=&#8221;right-to-left&#8221;]<div class=\"row section-heading-wrapper\">\r\n                            <div class=\"col-md-12 col-sm-12 text-left\">\r\n                                <h2 class=\"section-heading\" style=\"color:#ffffff;\" >Os nossos testemunhos<\/h2>\r\n                                <h4 class=\"section-subheading\"><\/h4>\r\n                            <\/div>\r\n                        <\/div><div class=\"row srcare_testimonial \"  data-custom_style=\"\"><div class=\"testimonial-container owl-carousel text-left light-color-style single-item\" data-carousel=\"1\" data-items=\"1\" data-nav=\"true\" data-autoplay=\"true\" data-autoplaytimeout=\"30000\"><div class=\"col-md-12 col-sm-12 text-left\">\r\n\r\n                                <div class=\"testimony-layout-1\">\r\n\r\n                                    <div class=\"testimony-text\">\r\n                                        <p>Tenho o prazer de deixar registada a minha satisfa\u00e7\u00e3o e gratid\u00e3o pelo cuidado e aten\u00e7\u00e3o dispensados \u00e0 minha esposa sheila durante os meses da sua doen\u00e7a. Tenho a certeza de que facilitou a sua passagem.<\/p>\r\n                                    <\/div>\r\n\r\n                                    <div class=\"testimony-author\">\r\n                                        \r\n                                        <h6>K.A. Mills<\/h6>\r\n                                        <span>Olhos d\u00b4\u00c1gua, Portugal<\/span>\r\n                                    <\/div> <!-- end .testimony-author  -->\r\n\r\n\r\n                                <\/div> <!-- end .testimony-layout-1  -->\r\n\r\n                            <\/div> <!--  end col-sm-12  --><div class=\"col-md-12 col-sm-12 text-left\">\r\n\r\n                                <div class=\"testimony-layout-1\">\r\n\r\n                                    <div class=\"testimony-text\">\r\n                                        <p>Depois de uma luta quando parti a anca, precisei de fisioterapia e de ajuda para me mover em casa.<br \/>\nN\u00e3o tive apenas a ajuda de Beverley e da sua equipa, tive muito mais. Eu estava muito perdida at\u00e9 receber essa ajuda. Altamente recomendado.<\/p>\r\n                                    <\/div>\r\n\r\n                                    <div class=\"testimony-author\">\r\n                                        \r\n                                        <h6>Daniella<\/h6>\r\n                                        <span>Almancil, Portugal<\/span>\r\n                                    <\/div> <!-- end .testimony-author  -->\r\n\r\n\r\n                                <\/div> <!-- end .testimony-layout-1  -->\r\n\r\n                            <\/div> <!--  end col-sm-12  --><div class=\"col-md-12 col-sm-12 text-left\">\r\n\r\n                                <div class=\"testimony-layout-1\">\r\n\r\n                                    <div class=\"testimony-text\">\r\n                                        <p>A minha esposa Susanne teve um tumor cerebral que evoluiu para perda de mem\u00f3ria e mobilidade. A bondade e compaix\u00e3o demonstradas estavam acima e al\u00e9m do que eu teria imaginado. Agrade\u00e7o apenas por eles em momentos t\u00e3o dif\u00edceis.<\/p>\r\n                                    <\/div>\r\n\r\n                                    <div class=\"testimony-author\">\r\n                                        \r\n                                        <h6>John<\/h6>\r\n                                        <span>Praia da Luz, Portugal<\/span>\r\n                                    <\/div> <!-- end .testimony-author  -->\r\n\r\n\r\n                                <\/div> <!-- end .testimony-layout-1  -->\r\n\r\n                            <\/div> <!--  end col-sm-12  --><\/div><\/div>[\/vc_column][\/vc_row][vc_row srcare_custom_class=&#8221;section-content-block&#8221; css=&#8221;.vc_custom_1532435347008{background-color: #edf0f2 !important;}&#8221;][vc_column css_animation=&#8221;fadeIn&#8221;]<div class=\"row section-heading-wrapper\">\r\n                            <div class=\"col-md-12 col-sm-12 text-center\">\r\n                                <h2 class=\"section-heading\" >Nossos Parceiros<\/h2>\r\n                                <h4 class=\"section-subheading\"><\/h4>\r\n                            <\/div>\r\n                        <\/div><div class=\"row\" ><div class=\"logo-items logo-layout-1 logo-carousel owl-carousel text-center\" data-carousel=\"1\" data-items=\"5\" data-nav=\"false\" data-dots=\"true\" data-autoplay=\"true\" data-autoplaytimeout=\"30000\"><div class=\"col-xs-12 col-sm-2 col-md-2 col-lg-2 logo-container\">\r\n                                <div class=\"client-logo\">\r\n                                    <img loading=\"lazy\" decoding=\"async\" width=\"400\" height=\"260\" src=\"https:\/\/www.homecarealgarve.com\/wp-content\/uploads\/2021\/10\/ihc-400x260-1.png\" class=\"attachment-full size-full\" alt=\"\" srcset=\"https:\/\/www.homecarealgarve.com\/wp-content\/uploads\/2021\/10\/ihc-400x260-1.png 400w, https:\/\/www.homecarealgarve.com\/wp-content\/uploads\/2021\/10\/ihc-400x260-1-300x195.png 300w\" sizes=\"auto, (max-width: 400px) 100vw, 400px\" \/>\r\n                                <\/div>\r\n                            <\/div> <div class=\"col-xs-12 col-sm-2 col-md-2 col-lg-2 logo-container\">\r\n                                <div class=\"client-logo\">\r\n                                    <img loading=\"lazy\" decoding=\"async\" width=\"400\" height=\"260\" src=\"https:\/\/www.homecarealgarve.com\/wp-content\/uploads\/2021\/10\/helping-hands-420x260-1.png\" class=\"attachment-full size-full\" alt=\"\" srcset=\"https:\/\/www.homecarealgarve.com\/wp-content\/uploads\/2021\/10\/helping-hands-420x260-1.png 400w, https:\/\/www.homecarealgarve.com\/wp-content\/uploads\/2021\/10\/helping-hands-420x260-1-300x195.png 300w\" sizes=\"auto, (max-width: 400px) 100vw, 400px\" \/>\r\n                                <\/div>\r\n                            <\/div> <div class=\"col-xs-12 col-sm-2 col-md-2 col-lg-2 logo-container\">\r\n                                <div class=\"client-logo\">\r\n                                    <img loading=\"lazy\" decoding=\"async\" width=\"400\" height=\"260\" src=\"https:\/\/www.homecarealgarve.com\/wp-content\/uploads\/2021\/10\/seguranca-social-420x260-1.png\" class=\"attachment-full size-full\" alt=\"\" srcset=\"https:\/\/www.homecarealgarve.com\/wp-content\/uploads\/2021\/10\/seguranca-social-420x260-1.png 400w, https:\/\/www.homecarealgarve.com\/wp-content\/uploads\/2021\/10\/seguranca-social-420x260-1-300x195.png 300w\" sizes=\"auto, (max-width: 400px) 100vw, 400px\" \/>\r\n                                <\/div>\r\n                            <\/div> <div class=\"col-xs-12 col-sm-2 col-md-2 col-lg-2 logo-container\">\r\n                                <div class=\"client-logo\">\r\n                                    <img loading=\"lazy\" decoding=\"async\" width=\"400\" height=\"260\" src=\"https:\/\/www.homecarealgarve.com\/wp-content\/uploads\/2021\/10\/orange-medical-centre-400x260-1.png\" class=\"attachment-full size-full\" alt=\"\" srcset=\"https:\/\/www.homecarealgarve.com\/wp-content\/uploads\/2021\/10\/orange-medical-centre-400x260-1.png 400w, https:\/\/www.homecarealgarve.com\/wp-content\/uploads\/2021\/10\/orange-medical-centre-400x260-1-300x195.png 300w\" sizes=\"auto, (max-width: 400px) 100vw, 400px\" \/>\r\n                                <\/div>\r\n                            <\/div> <div class=\"col-xs-12 col-sm-2 col-md-2 col-lg-2 logo-container\">\r\n                                <div class=\"client-logo\">\r\n                                    <img loading=\"lazy\" decoding=\"async\" width=\"400\" height=\"260\" src=\"https:\/\/www.homecarealgarve.com\/wp-content\/uploads\/2021\/10\/imergencies-logo-400x260-1.png\" class=\"attachment-full size-full\" alt=\"\" srcset=\"https:\/\/www.homecarealgarve.com\/wp-content\/uploads\/2021\/10\/imergencies-logo-400x260-1.png 400w, https:\/\/www.homecarealgarve.com\/wp-content\/uploads\/2021\/10\/imergencies-logo-400x260-1-300x195.png 300w\" sizes=\"auto, (max-width: 400px) 100vw, 400px\" \/>\r\n                                <\/div>\r\n                            <\/div> <\/div><\/div>[\/vc_column][\/vc_row]\n","protected":false},"excerpt":{"rendered":"<p>[vc_row acw=&#8221;0&#8243;][vc_column][\/vc_column][\/vc_row][vc_row acw=&#8221;0&#8243; el_class=&#8221;section-feat-about-us bottom-shadow about-us-top-padding&#8221; css=&#8221;.vc_custom_1633716473263{background-color: #f9fafb !important;}&#8221; el_id=&#8221;about_us&#8221;][vc_column el_class=&#8221;margin-top-0&#8243;][vc_row_inner el_class=&#8221;side-background shadow-sm&#8221;][vc_column_inner el_class=&#8221;feat-img-side-bg visible-lg&#8221; width=&#8221;1\/2&#8243;][vc_single_image image=&#8221;2148&#8243; img_size=&#8221;full&#8221;][\/vc_column_inner][\/vc_row_inner][vc_row_inner][vc_column_inner offset=&#8221;vc_col-lg-offset-6 vc_col-lg-6&#8243;][vc_column_text css_animation=&#8221;left-to-right&#8221; el_class=&#8221;about-us-info-block&#8221;] SINTA-SE FELIZ E CUIDADO! Criar fortes conex\u00f5es com [&hellip;]<\/p>\n","protected":false},"author":1,"featured_media":0,"parent":0,"menu_order":0,"comment_status":"closed","ping_status":"closed","template":"template-homepage.php","meta":{"footnotes":""},"class_list":["post-3067","page","type-page","status-publish","hentry"],"jetpack_sharing_enabled":true,"_links":{"self":[{"href":"https:\/\/www.homecarealgarve.com\/pt-pt\/wp-json\/wp\/v2\/pages\/3067","targetHints":{"allow":["GET"]}}],"collection":[{"href":"https:\/\/www.homecarealgarve.com\/pt-pt\/wp-json\/wp\/v2\/pages"}],"about":[{"href":"https:\/\/www.homecarealgarve.com\/pt-pt\/wp-json\/wp\/v2\/types\/page"}],"author":[{"embeddable":true,"href":"https:\/\/www.homecarealgarve.com\/pt-pt\/wp-json\/wp\/v2\/users\/1"}],"replies":[{"embeddable":true,"href":"https:\/\/www.homecarealgarve.com\/pt-pt\/wp-json\/wp\/v2\/comments?post=3067"}],"version-history":[{"count":36,"href":"https:\/\/www.homecarealgarve.com\/pt-pt\/wp-json\/wp\/v2\/pages\/3067\/revisions"}],"predecessor-version":[{"id":3564,"href":"https:\/\/www.homecarealgarve.com\/pt-pt\/wp-json\/wp\/v2\/pages\/3067\/revisions\/3564"}],"wp:attachment":[{"href":"https:\/\/www.homecarealgarve.com\/pt-pt\/wp-json\/wp\/v2\/media?parent=3067"}],"curies":[{"name":"wp","href":"https:\/\/api.w.org\/{rel}","templated":true}]}}